{"id":95,"date":"2021-11-29T13:01:23","date_gmt":"2021-11-29T13:01:23","guid":{"rendered":"https:\/\/agr-tc.pt\/wp\/?page_id=95"},"modified":"2021-12-05T19:00:23","modified_gmt":"2021-12-05T19:00:23","slug":"agrupamento","status":"publish","type":"page","link":"https:\/\/agr-tc.pt\/wp\/?page_id=95","title":{"rendered":"Agrupamento"},"content":{"rendered":"\n<p>O Agrupamento de Escolas Tom\u00e1s Cabreira \u00e9 uma grande comunidade educativa constitu\u00edda por quatro escolas, localizadas na cidade de Faro.<br>Dada a sua proximidade geogr\u00e1fica, a envolv\u00eancia de servi\u00e7os que as rodeiam e que integram sensivelmente a mesma \u00e1rea de influ\u00eancia, n\u00e3o s\u00f3 em termos da zona habitacional, como tamb\u00e9m profissional dos encarregados de educa\u00e7\u00e3o, as escolas deste Agrupamento, com muitos anos de hist\u00f3ria e de viv\u00eancias aut\u00f3nomas e diferenciadas, s\u00e3o um espelho das escolas p\u00fablicas portuguesas pela diversidade dos seus intervenientes que, no seu todo, constituem a comunidade.<br>O Agrupamento resulta duma progressiva vontade pol\u00edtica de agrega\u00e7\u00e3o de escolas. O processo teve in\u00edcio no ano de 1998, com a constitui\u00e7\u00e3o do Agrupamento Horizontal de S. Lu\u00eds, composto pelas escolas do 1o ciclo de S. Lu\u00eds e Bom Jo\u00e3o. <\/p>\n\n\n\n<p>Em 2007 \u00e9 criado o Agrupamento Vertical Dr. Joaquim Magalh\u00e3es constitu\u00eddo pela escola E.B 2,3 Dr. Joaquim Magalh\u00e3es, as duas escolas do 1o ciclo do extinto Agrupamento de S. Lu\u00eds e ainda a escola da ilha da Culatra, entretanto integrada num Agrupamento em Olh\u00e3o. <\/p>\n\n\n\n<p>Por \u00faltimo, em 2013, foi constitu\u00eddo o atual Agrupamento que passou a integrar a Escola Secund\u00e1ria Tom\u00e1s Cabreira. Nesse sentido, importa dizer que, por si s\u00f3 ou agrupadas, as escolas do Agrupamento Tom\u00e1s Cabreira t\u00eam, ao longo das d\u00e9cadas, com dedica\u00e7\u00e3o e exig\u00eancia, ensinado muitas gera\u00e7\u00f5es, transmitindo conhecimentos, valores \u00e9ticos, culturais e de cidadania, vencendo constrangimentos e dificuldades para assegurar a todas as crian\u00e7as e jovens um ensino de qualidade e alcan\u00e7ar as compet\u00eancias previstas no Perfil dos Alunos \u00e0 Sa\u00edda da Escolaridade Obrigat\u00f3ria.<\/p>\n","protected":false},"excerpt":{"rendered":"<p>O Agrupamento de Escolas Tom\u00e1s Cabreira \u00e9 uma grande comunidade educativa constitu\u00edda por quatro escolas, localizadas na cidade de Faro.Dada a sua proximidade geogr\u00e1fica, a envolv\u00eancia de servi\u00e7os que as rodeiam e que integram sensivelmente a mesma \u00e1rea de influ\u00eancia, n\u00e3o s\u00f3 em termos da zona habitacional, como tamb\u00e9m profissional dos encarregados de educa\u00e7\u00e3o, as&hellip;<\/p>\n","protected":false},"author":1,"featured_media":0,"parent":0,"menu_order":0,"comment_status":"closed","ping_status":"closed","template":"","meta":{"footnotes":""},"class_list":["post-95","page","type-page","status-publish","hentry"],"_links":{"self":[{"href":"https:\/\/agr-tc.pt\/wp\/index.php?rest_route=\/wp\/v2\/pages\/95","targetHints":{"allow":["GET"]}}],"collection":[{"href":"https:\/\/agr-tc.pt\/wp\/index.php?rest_route=\/wp\/v2\/pages"}],"about":[{"href":"https:\/\/agr-tc.pt\/wp\/index.php?rest_route=\/wp\/v2\/types\/page"}],"author":[{"embeddable":true,"href":"https:\/\/agr-tc.pt\/wp\/index.php?rest_route=\/wp\/v2\/users\/1"}],"replies":[{"embeddable":true,"href":"https:\/\/agr-tc.pt\/wp\/index.php?rest_route=%2Fwp%2Fv2%2Fcomments&post=95"}],"version-history":[{"count":2,"href":"https:\/\/agr-tc.pt\/wp\/index.php?rest_route=\/wp\/v2\/pages\/95\/revisions"}],"predecessor-version":[{"id":519,"href":"https:\/\/agr-tc.pt\/wp\/index.php?rest_route=\/wp\/v2\/pages\/95\/revisions\/519"}],"wp:attachment":[{"href":"https:\/\/agr-tc.pt\/wp\/index.php?rest_route=%2Fwp%2Fv2%2Fmedia&parent=95"}],"curies":[{"name":"wp","href":"https:\/\/api.w.org\/{rel}","templated":true}]}}