{"id":904,"date":"2022-03-24T00:14:32","date_gmt":"2022-03-24T00:14:32","guid":{"rendered":"https:\/\/agr-tc.pt\/wp\/?page_id=904"},"modified":"2022-09-16T16:51:35","modified_gmt":"2022-09-16T16:51:35","slug":"educacao-de-adultos","status":"publish","type":"page","link":"https:\/\/agr-tc.pt\/wp\/?page_id=904","title":{"rendered":"Centro Qualifica &#8211; Jovens e Adultos"},"content":{"rendered":"<div class=\"wp-block-image\">\n<figure class=\"aligncenter size-full\"><img loading=\"lazy\" decoding=\"async\" width=\"1000\" height=\"363\" src=\"https:\/\/agr-tc.pt\/wp\/wp-content\/uploads\/2022\/09\/cqepimagem1-6-e1658118804813.png\" alt=\"\" class=\"wp-image-1446\" srcset=\"https:\/\/agr-tc.pt\/wp\/wp-content\/uploads\/2022\/09\/cqepimagem1-6-e1658118804813.png 1000w, https:\/\/agr-tc.pt\/wp\/wp-content\/uploads\/2022\/09\/cqepimagem1-6-e1658118804813-768x279.png 768w\" sizes=\"auto, (max-width: 1000px) 100vw, 1000px\" \/><\/figure>\n<\/div>\n\n\n<div class=\"wp-block-columns is-layout-flex wp-container-core-columns-is-layout-9d6595d7 wp-block-columns-is-layout-flex\">\n<div class=\"wp-block-column is-layout-flow wp-block-column-is-layout-flow\" style=\"flex-basis:100%\">\n<p class=\"has-medium-font-size\"><strong>CENTRO QUALIFICA DO AGRUPAMENTO DE ESCOLAS TOM\u00c1S CABREIRA<\/strong><\/p>\n\n\n\n<p class=\"has-medium-font-size\">O Centro Qualifica do Agrupamento de Escolas Tom\u00e1s Cabreira (CQ_AETC) desenvolve as suas atividades no \u00e2mbito do&nbsp;<strong>Programa Qualifica.<\/strong><\/p>\n\n\n\n<p class=\"has-medium-font-size\"><strong>O&nbsp;CQ_AETC<\/strong>&nbsp;est\u00e1 vocacionado para a qualifica\u00e7\u00e3o de adultos tendo como objetivo melhorar os seus n\u00edveis de educa\u00e7\u00e3o e forma\u00e7\u00e3o.<\/p>\n\n\n\n<p class=\"has-medium-font-size\">O&nbsp;<strong>CQ_AETC<\/strong>&nbsp;proporciona&nbsp;<strong>servi\u00e7os de informa\u00e7\u00e3o, orienta\u00e7\u00e3o e encaminhamento<\/strong>&nbsp;de candidatos, designadamente para ofertas de ensino e forma\u00e7\u00e3o profissional.<\/p>\n\n\n\n<p class=\"has-medium-font-size\">O&nbsp;<strong>CQ_AETC<\/strong>&nbsp;tamb\u00e9m desenvolve processos de<strong>&nbsp;Reconhecimento, Valida\u00e7\u00e3o e Certifica\u00e7\u00e3o de Compet\u00eancias<\/strong>&nbsp;adquiridas pelos adultos ao longo da vida (RVCC Escolar). Estes processos realizam-se em hor\u00e1rio laboral e p\u00f3s-laboral.<\/p>\n\n\n\n<p class=\"has-text-align-center has-medium-font-size\">Consulte informa\u00e7\u00e3o detalhada sobre inscri\u00e7\u00f5es, hor\u00e1rio de atendimento, Processo RVCC e muito mais em<br>&nbsp;<a rel=\"noreferrer noopener\" href=\"https:\/\/centroqualificatc.wixsite.com\/home\" target=\"_blank\">https:\/\/centroqualificatc.wixsite.com\/home<\/a><\/p>\n\n\n<div class=\"wp-block-image\">\n<figure class=\"aligncenter size-full\"><img loading=\"lazy\" decoding=\"async\" width=\"940\" height=\"788\" src=\"https:\/\/agr-tc.pt\/wp\/wp-content\/uploads\/2022\/09\/cqepimagem2.png\" alt=\"\" class=\"wp-image-1470\" srcset=\"https:\/\/agr-tc.pt\/wp\/wp-content\/uploads\/2022\/09\/cqepimagem2.png 940w, https:\/\/agr-tc.pt\/wp\/wp-content\/uploads\/2022\/09\/cqepimagem2-768x644.png 768w\" sizes=\"auto, (max-width: 940px) 100vw, 940px\" \/><\/figure>\n<\/div>\n\n\n<p><\/p>\n<\/div>\n<\/div>\n\n\n\n<p class=\"has-medium-font-size\"><strong>CONTACTOS<\/strong><\/p>\n\n\n\n<p class=\"has-medium-font-size\"><strong>Telefone:<\/strong>&nbsp; &nbsp; &nbsp;289 889&nbsp;570 \/ 967&nbsp;800 799<\/p>\n\n\n\n<p class=\"has-medium-font-size\"><strong>Email:<\/strong>&nbsp; &nbsp; &nbsp; &nbsp; &nbsp;&nbsp;<a href=\"mailto:%3Cscript%20type='text\/javascript'%3E%20%3C!--%20var%20prefix%20=%20'ma'%20+%20'il'%20+%20'to';%20var%20path%20=%20'hr'%20+%20'ef'%20+%20'=';%20var%20addy34847%20=%20'cq'%20+%20'@';%20addy34847%20=%20addy34847%20+%20'agr-tc'%20+%20'.'%20+%20'pt';%20document.write('%3Ca%20'%20+%20path%20+%20'\\''%20+%20prefix%20+%20':'%20+%20addy34847%20+%20'\\'%3E');%20document.write(addy34847);%20document.write('%3C\\\/a%3E');%20\/\/--%3E\\n%20%3C\/script%3E%3Cscript%20type='text\/javascript'%3E%20%3C!--%20document.write('%3Cspan%20style=\\'display:%20none;\\'%3E');%20\/\/--%3E%20%3C\/script%3EEste%20endere%C3%A7o%20de%20email%20est%C3%A1%20protegido%20contra%20piratas.%20Necessita%20ativar%20o%20JavaScript%20para%20o%20visualizar.%20%3Cscript%20type='text\/javascript'%3E%20%3C!--%20document.write('%3C\/');%20document.write('span%3E');%20\/\/--%3E%20%3C\/script%3E\"><\/a><a href=\"mailto:cq@agr-tc.pt\">cq@agr-tc.pt<\/a><\/p>\n\n\n\n<p class=\"has-medium-font-size\"><strong>Morada:<\/strong>&nbsp; &nbsp; &nbsp; &nbsp;Rua Doutor Manuel Arriaga, N\u00ba 2<br>&nbsp; &nbsp; &nbsp; &nbsp; &nbsp; &nbsp; &nbsp; &nbsp; &nbsp; &nbsp; &nbsp;8000-334 Faro<\/p>\n\n\n\n<p class=\"has-medium-font-size\">&nbsp;<strong>Internet:<\/strong>&nbsp; &nbsp; <a rel=\"noreferrer noopener\" href=\"https:\/\/centroqualificatc.wixsite.com\/home\" target=\"_blank\">https:\/\/centroqualificatc.wixsite.com\/home<\/a><\/p>\n\n\n\n<p class=\"has-medium-font-size\"><strong>Facebook:&nbsp;&nbsp;<\/strong><a rel=\"noreferrer noopener\" href=\"http:\/\/facebook.com\/cqtomascabreira\" target=\"_blank\">facebook.com\/cqtomascabreira<\/a><\/p>\n\n\n<div class=\"wp-block-image\">\n<figure class=\"aligncenter size-full\"><img loading=\"lazy\" decoding=\"async\" width=\"940\" height=\"788\" src=\"https:\/\/agr-tc.pt\/wp\/wp-content\/uploads\/2022\/09\/cqepimagem3.png\" alt=\"\" class=\"wp-image-1469\" srcset=\"https:\/\/agr-tc.pt\/wp\/wp-content\/uploads\/2022\/09\/cqepimagem3.png 940w, https:\/\/agr-tc.pt\/wp\/wp-content\/uploads\/2022\/09\/cqepimagem3-768x644.png 768w\" sizes=\"auto, (max-width: 940px) 100vw, 940px\" \/><\/figure>\n<\/div>\n\n\n<hr class=\"wp-block-separator has-alpha-channel-opacity\"\/>\n\n\n\n<iframe loading=\"lazy\" src=\"https:\/\/www.facebook.com\/plugins\/post.php?href=https%3A%2F%2Fwww.facebook.com%2FAgr.Esc.Tomas.Cabreira.Faro%2Fposts%2Fpfbid0AoZg6kC5KjP8uESzGdZvUbsxsEJK2AdZ4sfS8TjcC6nE8i3gnVaBZTtcry5zwStVl&#038;show_text=true&#038;width=500\" width=\"500\" height=\"498\" style=\"border:none;overflow:hidden\" scrolling=\"no\" frameborder=\"0\" allowfullscreen=\"true\" allow=\"autoplay; clipboard-write; encrypted-media; picture-in-picture; web-share\"><\/iframe>\n","protected":false},"excerpt":{"rendered":"<p>CENTRO QUALIFICA DO AGRUPAMENTO DE ESCOLAS TOM\u00c1S CABREIRA O Centro Qualifica do Agrupamento de Escolas Tom\u00e1s Cabreira (CQ_AETC) desenvolve as suas atividades no \u00e2mbito do&nbsp;Programa Qualifica. O&nbsp;CQ_AETC&nbsp;est\u00e1 vocacionado para a qualifica\u00e7\u00e3o de adultos tendo como objetivo melhorar os seus n\u00edveis de educa\u00e7\u00e3o e forma\u00e7\u00e3o. O&nbsp;CQ_AETC&nbsp;proporciona&nbsp;servi\u00e7os de informa\u00e7\u00e3o, orienta\u00e7\u00e3o e encaminhamento&nbsp;de candidatos, designadamente para ofertas de&hellip;<\/p>\n","protected":false},"author":1,"featured_media":0,"parent":0,"menu_order":0,"comment_status":"closed","ping_status":"closed","template":"","meta":{"footnotes":""},"class_list":["post-904","page","type-page","status-publish","hentry"],"_links":{"self":[{"href":"https:\/\/agr-tc.pt\/wp\/index.php?rest_route=\/wp\/v2\/pages\/904","targetHints":{"allow":["GET"]}}],"collection":[{"href":"https:\/\/agr-tc.pt\/wp\/index.php?rest_route=\/wp\/v2\/pages"}],"about":[{"href":"https:\/\/agr-tc.pt\/wp\/index.php?rest_route=\/wp\/v2\/types\/page"}],"author":[{"embeddable":true,"href":"https:\/\/agr-tc.pt\/wp\/index.php?rest_route=\/wp\/v2\/users\/1"}],"replies":[{"embeddable":true,"href":"https:\/\/agr-tc.pt\/wp\/index.php?rest_route=%2Fwp%2Fv2%2Fcomments&post=904"}],"version-history":[{"count":11,"href":"https:\/\/agr-tc.pt\/wp\/index.php?rest_route=\/wp\/v2\/pages\/904\/revisions"}],"predecessor-version":[{"id":1701,"href":"https:\/\/agr-tc.pt\/wp\/index.php?rest_route=\/wp\/v2\/pages\/904\/revisions\/1701"}],"wp:attachment":[{"href":"https:\/\/agr-tc.pt\/wp\/index.php?rest_route=%2Fwp%2Fv2%2Fmedia&parent=904"}],"curies":[{"name":"wp","href":"https:\/\/api.w.org\/{rel}","templated":true}]}}