{"id":589,"date":"2022-03-12T01:05:31","date_gmt":"2022-03-12T01:05:31","guid":{"rendered":"https:\/\/agr-tc.pt\/wp\/?page_id=589"},"modified":"2022-09-06T23:47:49","modified_gmt":"2022-09-06T23:47:49","slug":"direcao","status":"publish","type":"page","link":"https:\/\/agr-tc.pt\/wp\/?page_id=589","title":{"rendered":"Dire\u00e7\u00e3o"},"content":{"rendered":"\n<p class=\"has-medium-font-size\"><strong><br>Dire\u00e7\u00e3o 2022\/2026<\/strong><\/p>\n\n\n\n<p class=\"has-medium-font-size\">Diretora: Ana Paula Matos Mourato Marques\u00a0<\/p>\n\n\n\n<p class=\"has-medium-font-size\">SubDiretor: Eurico Martinho Viegas B\u00e1rbara<\/p>\n\n\n\n<p class=\"has-medium-font-size\">Adjunta: Helena Sofia Machado dos Santos<\/p>\n\n\n\n<p class=\"has-medium-font-size\">Adjunto: Lu\u00eds Pedro Martins Rosa Miguel<\/p>\n\n\n\n<p class=\"has-medium-font-size\">Adjunta: Maria Cristina Barcoso Louren\u00e7o<\/p>\n\n\n\n<hr class=\"wp-block-separator has-alpha-channel-opacity\"\/>\n\n\n\n<p><br><strong>Mensagem da diretora<\/strong><\/p>\n\n\n\n<p>Ser diretora deste agrupamento \u00e9 um desafio que assumo com prazer, porque acredito nesta institui\u00e7\u00e3o, neste conjunto de escolas a que me dedico, projetando expectativas e concentrando toda a for\u00e7a e capacidade de trabalho<\/p>\n\n\n\n<p>O Agrupamento Tom\u00e1s Cabreira \u00e9 uma grande comunidade educativa, constitu\u00edda por cinco escolas (uma delas na ilha da Culatra), com hist\u00f3ria e tradi\u00e7\u00f5es pr\u00f3prias, onde ao longo de d\u00e9cadas se tem, com amor, dedica\u00e7\u00e3o e exig\u00eancia, transmitido conhecimentos, valores \u00e9ticos, culturais e de cidadania,<\/p>\n\n\n\n<p>As fun\u00e7\u00f5es de dire\u00e7\u00e3o\/gest\u00e3o duma escola e ainda mais dum Agrupamento, s\u00f3 s\u00e3o poss\u00edveis atrav\u00e9s duma equipa que trabalhe em clima de coopera\u00e7\u00e3o.<\/p>\n\n\n\n<p>Agrade\u00e7o o contributo de dedica\u00e7\u00e3o, empenho, vis\u00e3o, e persist\u00eancia dos professores membros da equipa da dire\u00e7\u00e3o, assim como a todos os \u00f3rg\u00e3os de coordena\u00e7\u00e3o que em conjunto t\u00eam colaborado ativa e empenhadamente para o ensino de qualidade que nos orgulhamos de prestar.<\/p>\n\n\n\n<p>Aos alunos, uma palavra especial, uma vez que \u00e9 para voc\u00eas que criamos a uma grande variedade de ofertas educativas, desenvolvemos m\u00faltiplos projetos e iniciativas, com o objetivo de assegurar a todas as crian\u00e7as e jovens um ensino de qualidade.<\/p>\n\n\n\n<p>&nbsp;Esperamos que cres\u00e7am connosco, com uma vida saud\u00e1vel, tenham sucesso escolar sintam-se em igualdade de oportunidades, e desenvolvam projetos integradores dos valores human\u00edsticos, culturais, sociais e ambientais, gostem e respeitem a vossa escola e se formem cidad\u00e3os respons\u00e1veis e participantes na sociedade portuguesa.<\/p>\n\n\n\n<p>A toda a comunidade educativa, docentes, n\u00e3o docentes, colaboradores, entidades parceiras e muito particularmente encarregados de educa\u00e7\u00e3o, dizer-vos que contamos com a vossa participa\u00e7\u00e3o na vida do agrupamento, nomeadamente no que diz respeito aos processos globais de decis\u00e3o.<\/p>\n\n\n\n<p>A Diretora<\/p>\n\n\n\n<p>Ana Paula Matos Mourato Marques<\/p>\n\n\n\n<p>(Clique,&nbsp;<a rel=\"noreferrer noopener\" href=\"https:\/\/www.agr-tc.pt\/site\/2014_2015\/mensagempaginaagrtc.pdf\" target=\"_blank\">aqui<\/a>, para ver esta mensagem num ficheiro em formato pdf)<\/p>\n\n\n\n<hr class=\"wp-block-separator has-alpha-channel-opacity\"\/>\n\n\n\n<p>De seguida encontra-se uma liga\u00e7\u00e3o para o facebook do agrupamento onde podemos ver algumas imagens da tomada de posse da diretora em 29\/06\/2022.<\/p>\n\n\n\n<iframe loading=\"lazy\" src=\"https:\/\/www.facebook.com\/plugins\/post.php?href=https%3A%2F%2Fwww.facebook.com%2FAgr.Esc.Tomas.Cabreira.Faro%2Fposts%2Fpfbid0XFoG2qAfXBFG8MCtqg4JxV9VnLWafcMnGzP7iN6qvHATmDBqdzTNL3Ks1M2eTVRTl&amp;show_text=true&amp;width=500\" width=\"500\" height=\"582\" style=\"border:none;overflow:hidden\" scrolling=\"no\" frameborder=\"0\" allowfullscreen=\"true\" allow=\"autoplay; clipboard-write; encrypted-media; picture-in-picture; web-share\"><\/iframe>\n\n\n\n<hr class=\"wp-block-separator has-alpha-channel-opacity\"\/>\n\n\n\n<p class=\"has-medium-font-size\"><strong>Hist\u00f3rico:<\/strong><\/p>\n\n\n\n<p><a href=\"https:\/\/agr-tc.pt\/wp\/?page_id=1167\" data-type=\"URL\" data-id=\"https:\/\/agr-tc.pt\/wp\/?page_id=1167\">Dire\u00e7\u00e3o 2018\/2022<\/a>;<br><a rel=\"noreferrer noopener\" href=\"https:\/\/www.agr-tc.pt\/site\/index.php\/component\/content\/article?id=2126\" target=\"_blank\">Dire\u00e7\u00e3o 2014\/2018<\/a>;<br><a rel=\"noreferrer noopener\" href=\"https:\/\/www.agr-tc.pt\/site\/index.php\/cap-comissao-administrativa\" target=\"_blank\">CAP &#8211; 2013\/2014<\/a>;<br><a rel=\"noreferrer noopener\" href=\"https:\/\/www.agr-tc.pt\/site\/index.php\/component\/content\/article?id=191\" target=\"_blank\">Dire\u00e7\u00e3o ES Tom\u00e1s Cabreira 2012\/2013;<\/a><br><a rel=\"noreferrer noopener\" href=\"https:\/\/www.agr-tc.pt\/site\/index.php\/component\/content\/article?id=2127\" target=\"_blank\">Dire\u00e7\u00e3o AVE Dr. Joaquim Magalh\u00e3es 2012\/2013.<\/a><\/p>\n","protected":false},"excerpt":{"rendered":"<p>Dire\u00e7\u00e3o 2022\/2026 Diretora: Ana Paula Matos Mourato Marques\u00a0 SubDiretor: Eurico Martinho Viegas B\u00e1rbara Adjunta: Helena Sofia Machado dos Santos Adjunto: Lu\u00eds Pedro Martins Rosa Miguel Adjunta: Maria Cristina Barcoso Louren\u00e7o Mensagem da diretora Ser diretora deste agrupamento \u00e9 um desafio que assumo com prazer, porque acredito nesta institui\u00e7\u00e3o, neste conjunto de escolas a que me&hellip;<\/p>\n","protected":false},"author":1,"featured_media":0,"parent":0,"menu_order":0,"comment_status":"closed","ping_status":"closed","template":"","meta":{"footnotes":""},"class_list":["post-589","page","type-page","status-publish","hentry"],"_links":{"self":[{"href":"https:\/\/agr-tc.pt\/wp\/index.php?rest_route=\/wp\/v2\/pages\/589","targetHints":{"allow":["GET"]}}],"collection":[{"href":"https:\/\/agr-tc.pt\/wp\/index.php?rest_route=\/wp\/v2\/pages"}],"about":[{"href":"https:\/\/agr-tc.pt\/wp\/index.php?rest_route=\/wp\/v2\/types\/page"}],"author":[{"embeddable":true,"href":"https:\/\/agr-tc.pt\/wp\/index.php?rest_route=\/wp\/v2\/users\/1"}],"replies":[{"embeddable":true,"href":"https:\/\/agr-tc.pt\/wp\/index.php?rest_route=%2Fwp%2Fv2%2Fcomments&post=589"}],"version-history":[{"count":5,"href":"https:\/\/agr-tc.pt\/wp\/index.php?rest_route=\/wp\/v2\/pages\/589\/revisions"}],"predecessor-version":[{"id":1174,"href":"https:\/\/agr-tc.pt\/wp\/index.php?rest_route=\/wp\/v2\/pages\/589\/revisions\/1174"}],"wp:attachment":[{"href":"https:\/\/agr-tc.pt\/wp\/index.php?rest_route=%2Fwp%2Fv2%2Fmedia&parent=589"}],"curies":[{"name":"wp","href":"https:\/\/api.w.org\/{rel}","templated":true}]}}