{"id":437,"date":"2021-12-05T09:54:15","date_gmt":"2021-12-05T09:54:15","guid":{"rendered":"https:\/\/agr-tc.pt\/wp\/?page_id=437"},"modified":"2022-03-27T21:43:22","modified_gmt":"2022-03-27T21:43:22","slug":"cursos-de-educacao-e-formacao","status":"publish","type":"page","link":"https:\/\/agr-tc.pt\/wp\/?page_id=437","title":{"rendered":"Cursos de Educa\u00e7\u00e3o e Forma\u00e7\u00e3o"},"content":{"rendered":"\n<h2 class=\"wp-block-heading\">Cursos de Educa\u00e7\u00e3o e Forma\u00e7\u00e3o<\/h2>\n\n\n\n<p>Os Cursos de Educa\u00e7\u00e3o e Forma\u00e7\u00e3o s\u00e3o um percurso de ensino b\u00e1sico com dupla certifica\u00e7\u00e3o, ou seja, em que se desenvolvem compet\u00eancias sociais, cient\u00edficas e profissionais requeridas para o exerc\u00edcio de uma atividade profissional e simultaneamente se obt\u00e9m o n\u00edvel b\u00e1sico de educa\u00e7\u00e3o.<\/p>\n\n\n\n<p>Estes cursos preparam os jovens para o prosseguimento de estudos ao n\u00edvel do secund\u00e1rio e para uma inser\u00e7\u00e3o qualificada no mundo do trabalho.<\/p>\n\n\n\n<p>Os Cursos de Educa\u00e7\u00e3o e Forma\u00e7\u00e3o est\u00e3o integrados no&nbsp;<a href=\"http:\/\/www.catalogo.anqep.gov.pt\/Home\/Index\" target=\"_blank\" rel=\"noreferrer noopener\">Cat\u00e1logo Nacional de Qualifica\u00e7\u00f5es<\/a>, t\u00eam a dura\u00e7\u00e3o de dois anos e est\u00e3o organizados em quatro componentes de forma\u00e7\u00e3o (<a href=\"https:\/\/dre.pt\/pesquisa\/-\/search\/2824963\/details\/maximized?p...\" target=\"_blank\" rel=\"noreferrer noopener\">Despacho-conjunto n\u00ba 453\/2004, de 27 de julho<\/a>, na sua reda\u00e7\u00e3o atual):<\/p>\n\n\n\n<ul class=\"wp-block-list\"><li>Forma\u00e7\u00e3o Sociocultural \u2013 estruturada em disciplinas comuns a todos os cursos, visa contribuir para a constru\u00e7\u00e3o da identidade pessoal, social e cultural dos alunos;<\/li><li>Forma\u00e7\u00e3o Cient\u00edfica \u2013 estruturada em disciplinas, visa proporcionar uma forma\u00e7\u00e3o cient\u00edfica consistente com a respetiva qualifica\u00e7\u00e3o;<\/li><li>Forma\u00e7\u00e3o Tecnol\u00f3gica \u2013 organizada em Unidades de Forma\u00e7\u00e3o de Curta Dura\u00e7\u00e3o (UFCD),&nbsp;visa a aquisi\u00e7\u00e3o e desenvolvimento de um conjunto de compet\u00eancias t\u00e9cnicas necess\u00e1rias ao exerc\u00edcio profissional;<\/li><li>Forma\u00e7\u00e3o Pr\u00e1tica \u2013 \u00e9 realizada em empresas ou noutras organiza\u00e7\u00f5es enquanto forma\u00e7\u00e3o em contexto de trabalho, desenvolvida ao longo ou no final da forma\u00e7\u00e3o, e visa a aquisi\u00e7\u00e3o e o desenvolvimento de compet\u00eancias t\u00e9cnicas, relacionais e organizacionais relevantes para a qualifica\u00e7\u00e3o profissional a adquirir.<\/li><\/ul>\n\n\n\n<p>Estes cursos culminam com a apresenta\u00e7\u00e3o e defesa, perante um j\u00fari, de um projeto, designado por Prova de Avalia\u00e7\u00e3o&nbsp;Final (PAF), na qual s\u00e3o demonstradas as compet\u00eancias e os conhecimentos que se desenvolveram ao longo da forma\u00e7\u00e3o.<\/p>\n\n\n\n<p>Existem Cursos de Educa\u00e7\u00e3o e Forma\u00e7\u00e3o nas mais diversas&nbsp;<a href=\"https:\/\/www.ofertaformativa.gov.pt\/#\/home\" target=\"_blank\" rel=\"noreferrer noopener\">\u00e1reas de educa\u00e7\u00e3o e forma\u00e7\u00e3o<\/a>, desde a ind\u00fastria e tecnologia, aos servi\u00e7os, com\u00e9rcio e transportes, at\u00e9 \u00e0 agricultura e ao ambiente.<\/p>\n\n\n\n<p><strong>Para quem?<\/strong><\/p>\n\n\n\n<p>Os Cursos de Educa\u00e7\u00e3o e Forma\u00e7\u00e3o podem ser o percurso mais indicado para quem:<\/p>\n\n\n\n<ul class=\"wp-block-list\"><li>concluiu o 2.\u00ba ciclo do ensino b\u00e1sico e possui idade igual ou superior a 15 anos;<\/li><li>procura uma forma\u00e7\u00e3o profissional inicial mais pr\u00e1tica e orientada para o mercado de trabalho.<\/li><\/ul>\n\n\n\n<p><strong>Qual a certifica\u00e7\u00e3o?<\/strong><\/p>\n\n\n\n<p>No final do curso, os alunos obt\u00eam uma dupla certifica\u00e7\u00e3o &#8211; o ensino b\u00e1sico e uma certifica\u00e7\u00e3o profissional \u2013 conferindo o n\u00edvel 2 de qualifica\u00e7\u00e3o do Quadro Nacional de Qualifica\u00e7\u00f5es \u2013&nbsp;<a href=\"https:\/\/dre.pt\/web\/guest\/pesquisa\/-\/search\/493227\/details\/maximized\" target=\"_blank\" rel=\"noreferrer noopener\">Portaria n.\u00ba 782\/2009, de 23 de julho<\/a>.<\/p>\n\n\n\n<p>A conclus\u00e3o do ensino b\u00e1sico nos Cursos de Educa\u00e7\u00e3o e Forma\u00e7\u00e3o est\u00e1 dependente da aprova\u00e7\u00e3o em todas as componentes de forma\u00e7\u00e3o e na Prova de Avalia\u00e7\u00e3o Final.<\/p>\n\n\n\n<p>Aceda&nbsp;<a href=\"https:\/\/www.dgeec.mec.pt\/np4\/502\" target=\"_blank\" rel=\"noreferrer noopener\">aqui<\/a>&nbsp;aos Modelos de Diplomas e Certificados, ao abrigo da Portaria n\u00ba 194\/2021, de 17 de setembro.Com esta Portaria pretende-se desmaterializar, uniformizar, reunir e regular, num \u00fanico diploma, os modelos de diplomas e certificados existentes. Os diplomas atestam a conclus\u00e3o do ensino b\u00e1sico ou do ensino secund\u00e1rio. Os certificados registam as disciplinas e\/ou UFCD\/UC frequentadas e respetivas classifica\u00e7\u00f5es, os projetos realizados no \u00e2mbito da componente de Cidadania e Desenvolvimento no ensino secund\u00e1rio, bem como um conjunto alargado de projetos, iniciativas e atividades em que os alunos participam. Os diplomas e os certificados s\u00e3o disponibilizados aos seus titulares pelas escolas, atrav\u00e9s de meios eletr\u00f3nicos, sendo emitidos em suporte eletr\u00f3nico atrav\u00e9s do SIGO. Os certificados e diplomas encontram-se ainda dispon\u00edveis na Bolsa de Documentos do portal ePortugal e na \u00e1rea de documentos do Passaporte Qualifica, quando aplic\u00e1vel. Enquanto n\u00e3o se encontrar operacional a emiss\u00e3o de diplomas e de certificados atrav\u00e9s do SIGO, os mesmos s\u00e3o emitidos pelas escolas nos modelos-base disponibilizados em formato edit\u00e1vel, com acesso via liga\u00e7\u00e3o abaixo indicada. Para esta emiss\u00e3o, o SIGO atribui n\u00famero sequencial de diploma ou certificado, c\u00f3digo alfanum\u00e9rico e C\u00f3digo QR. Ap\u00f3s a sua emiss\u00e3o, os documentos s\u00e3o carregados para o SIGO e a sua autenticidade pode ser verificada atrav\u00e9s da \u00e1rea de documentos do Passaporte Qualifica.<\/p>\n\n\n\n<p>Aceda&nbsp;<a href=\"https:\/\/escolas.anqep.gov.pt\/\" target=\"_blank\" rel=\"noreferrer noopener\">aqui<\/a>&nbsp;aos Modelos de Diplomas e Certificados anteriores \u00e0 entrada em vigor da Portaria n\u00ba 194\/2021, de 17 de setembro.<\/p>\n","protected":false},"excerpt":{"rendered":"<p>Os Cursos de Educa\u00e7\u00e3o e Forma\u00e7\u00e3o s\u00e3o um percurso de ensino b\u00e1sico com dupla certifica\u00e7\u00e3o, ou seja, em que se desenvolvem compet\u00eancias sociais, cient\u00edficas e profissionais requeridas para o exerc\u00edcio de uma atividade profissional e simultaneamente se obt\u00e9m o n\u00edvel b\u00e1sico de educa\u00e7\u00e3o.<\/p>\n","protected":false},"author":2,"featured_media":456,"parent":0,"menu_order":0,"comment_status":"closed","ping_status":"closed","template":"","meta":{"footnotes":""},"class_list":["post-437","page","type-page","status-publish","has-post-thumbnail","hentry"],"_links":{"self":[{"href":"https:\/\/agr-tc.pt\/wp\/index.php?rest_route=\/wp\/v2\/pages\/437","targetHints":{"allow":["GET"]}}],"collection":[{"href":"https:\/\/agr-tc.pt\/wp\/index.php?rest_route=\/wp\/v2\/pages"}],"about":[{"href":"https:\/\/agr-tc.pt\/wp\/index.php?rest_route=\/wp\/v2\/types\/page"}],"author":[{"embeddable":true,"href":"https:\/\/agr-tc.pt\/wp\/index.php?rest_route=\/wp\/v2\/users\/2"}],"replies":[{"embeddable":true,"href":"https:\/\/agr-tc.pt\/wp\/index.php?rest_route=%2Fwp%2Fv2%2Fcomments&post=437"}],"version-history":[{"count":2,"href":"https:\/\/agr-tc.pt\/wp\/index.php?rest_route=\/wp\/v2\/pages\/437\/revisions"}],"predecessor-version":[{"id":1054,"href":"https:\/\/agr-tc.pt\/wp\/index.php?rest_route=\/wp\/v2\/pages\/437\/revisions\/1054"}],"wp:featuredmedia":[{"embeddable":true,"href":"https:\/\/agr-tc.pt\/wp\/index.php?rest_route=\/wp\/v2\/media\/456"}],"wp:attachment":[{"href":"https:\/\/agr-tc.pt\/wp\/index.php?rest_route=%2Fwp%2Fv2%2Fmedia&parent=437"}],"curies":[{"name":"wp","href":"https:\/\/api.w.org\/{rel}","templated":true}]}}